{"id":2341,"date":"2021-06-10T14:14:28","date_gmt":"2021-06-10T14:14:28","guid":{"rendered":"https:\/\/dawidlinkowski.pl\/?page_id=2341"},"modified":"2022-02-28T19:06:52","modified_gmt":"2022-02-28T18:06:52","slug":"about-me","status":"publish","type":"page","link":"https:\/\/dawidlinkowski.pl\/?page_id=2341","title":{"rendered":"O mnie"},"content":{"rendered":"\t\t<div data-elementor-type=\"wp-page\" data-elementor-id=\"2341\" class=\"elementor elementor-2341\">\n\t\t\t\t\t\t\t\t\t<section class=\"elementor-section elementor-top-section elementor-element elementor-element-2edb5abe elementor-section-boxed elementor-section-height-default elementor-section-height-default\" data-id=\"2edb5abe\" data-element_type=\"section\">\n\t\t\t\t\t\t<div class=\"elementor-container elementor-column-gap-default\">\n\t\t\t\t\t<div class=\"elementor-column elementor-col-50 elementor-top-column elementor-element elementor-element-4ffb4c94\" data-id=\"4ffb4c94\" data-element_type=\"column\" data-settings=\"{&quot;background_background&quot;:&quot;classic&quot;}\">\n\t\t\t<div class=\"elementor-widget-wrap elementor-element-populated\">\n\t\t\t\t\t\t\t\t<div class=\"elementor-element elementor-element-5693df82 elementor-widget elementor-widget-spacer\" data-id=\"5693df82\" data-element_type=\"widget\" data-widget_type=\"spacer.default\">\n\t\t\t\t<div class=\"elementor-widget-container\">\n\t\t\t<style>\/*! elementor - v3.6.6 - 08-06-2022 *\/\n.e-container.e-container--row .elementor-spacer-inner{width:var(--spacer-size)}.e-container.e-container--column .elementor-spacer-inner,.elementor-column .elementor-spacer-inner{height:var(--spacer-size)}<\/style>\t\t<div class=\"elementor-spacer\">\n\t\t\t<div class=\"elementor-spacer-inner\"><\/div>\n\t\t<\/div>\n\t\t\t\t<\/div>\n\t\t\t\t<\/div>\n\t\t\t\t\t<\/div>\n\t\t<\/div>\n\t\t\t\t<div class=\"elementor-column elementor-col-50 elementor-top-column elementor-element elementor-element-1dff58cc\" data-id=\"1dff58cc\" data-element_type=\"column\" data-settings=\"{&quot;background_background&quot;:&quot;classic&quot;}\">\n\t\t\t<div class=\"elementor-widget-wrap elementor-element-populated\">\n\t\t\t\t\t\t\t\t<div class=\"elementor-element elementor-element-737ed5b5 elementor-widget elementor-widget-yprm_heading\" data-id=\"737ed5b5\" data-element_type=\"widget\" data-widget_type=\"yprm_heading.default\">\n\t\t\t\t<div class=\"elementor-widget-container\">\n\t\t\t\t\t\t<div class=\"heading-block with-line tal\">\n\t\t\t\t                  <h3 class=\"h\">Nazywam si\u0119 Dawid Linkowski.<br \/>\n<span>Jestem Fotografem<\/span><\/h3>\n        \t\t\t<\/div>\n      \t\t\t\t<\/div>\n\t\t\t\t<\/div>\n\t\t\t\t<div class=\"elementor-element elementor-element-7542b32b elementor-widget elementor-widget-text-editor\" data-id=\"7542b32b\" data-element_type=\"widget\" data-widget_type=\"text-editor.default\">\n\t\t\t\t<div class=\"elementor-widget-container\">\n\t\t\t<style>\/*! elementor - v3.6.6 - 08-06-2022 *\/\n.elementor-widget-text-editor.elementor-drop-cap-view-stacked .elementor-drop-cap{background-color:#818a91;color:#fff}.elementor-widget-text-editor.elementor-drop-cap-view-framed .elementor-drop-cap{color:#818a91;border:3px solid;background-color:transparent}.elementor-widget-text-editor:not(.elementor-drop-cap-view-default) .elementor-drop-cap{margin-top:8px}.elementor-widget-text-editor:not(.elementor-drop-cap-view-default) .elementor-drop-cap-letter{width:1em;height:1em}.elementor-widget-text-editor .elementor-drop-cap{float:left;text-align:center;line-height:1;font-size:50px}.elementor-widget-text-editor .elementor-drop-cap-letter{display:inline-block}<\/style>\t\t\t\t<p>Od kilkunastu lat zawodowo zajmuj\u0119 si\u0119 fotografi\u0105.<\/p><p><span style=\"font-size: 14px; font-weight: 200;\">Obs\u0142uguj\u0119 szereg tr\u00f3jmiejskich korporacji, instytucji samorz\u0105dowych, plac\u00f3wki dyplomatyczne, instytucje kultury, organizacje sportowe. Pracuj\u0119 dla agencji PR, reklamowych i kreatywnych na terenie ca\u0142ej Polski. <\/span><\/p>\t\t\t\t\t\t<\/div>\n\t\t\t\t<\/div>\n\t\t\t\t\t<\/div>\n\t\t<\/div>\n\t\t\t\t\t\t\t<\/div>\n\t\t<\/section>\n\t\t\t\t<section class=\"elementor-section elementor-top-section elementor-element elementor-element-3cc14e17 elementor-section-boxed elementor-section-height-default elementor-section-height-default\" data-id=\"3cc14e17\" data-element_type=\"section\">\n\t\t\t\t\t\t<div class=\"elementor-container elementor-column-gap-default\">\n\t\t\t\t\t<div class=\"elementor-column elementor-col-100 elementor-top-column elementor-element elementor-element-530673b\" data-id=\"530673b\" data-element_type=\"column\">\n\t\t\t<div class=\"elementor-widget-wrap elementor-element-populated\">\n\t\t\t\t\t\t\t\t<div class=\"elementor-element elementor-element-371eb0db elementor-widget elementor-widget-yprm_heading\" data-id=\"371eb0db\" data-element_type=\"widget\" data-widget_type=\"yprm_heading.default\">\n\t\t\t\t<div class=\"elementor-widget-container\">\n\t\t\t\t\t\t<div class=\"heading-block with-line tac\">\n\t\t\t\t                  <h4 class=\"h\">Zajmuj\u0119 si\u0119 wieloma gatunkami fotografii ale szczeg\u00f3lnie bliska mi jest:<\/h4>\n        \t\t\t<\/div>\n      \t\t\t\t<\/div>\n\t\t\t\t<\/div>\n\t\t\t\t<div class=\"elementor-element elementor-element-143e69ce elementor-widget elementor-widget-yprm_icon_box\" data-id=\"143e69ce\" data-element_type=\"widget\" data-settings=\"{&quot;cols_xs&quot;:1,&quot;cols_sm&quot;:1,&quot;cols_md&quot;:2}\" data-widget_type=\"yprm_icon_box.default\">\n\t\t\t\t<div class=\"elementor-widget-container\">\n\t\t\t\t\t\t<div class=\"icon-box-block icon-box-style2\">\r\n\t\t\t\t<div class=\"row\">\r\n\t\t\t\t\t\t\t\t<div class=\"col-12 col-sm-12 col-md-6\">\r\n\t\t\t\t<div class=\"icon-box\">\r\n\t\t\t\t\t\t\t\t<div class=\"icon\">\r\n\t\t\t\t<i class=\"photo photo-icon-girl-photography photo\" aria-hidden=\"true\"><\/i>\t\t\t<\/div>\r\n\t\t                      \t\t\t<h5 class=\"title\">Fotografia portretowa<\/h5>\r\n\t\t            \t\t\t<div class=\"desc\">Mia\u0142em zaszczyt portretowa\u0107 prezydent\u00f3w, zast\u0119pc\u00f3w, oraz zarz\u0105dy i kluczowych urz\u0119dnik\u00f3w Gda\u0144ska, Gdyni i Grudzi\u0105dza. Prezes\u00f3w du\u017cych korporacji, wybitnych aktor\u00f3w scen polskich, dziennikarzy, przedstawicieli wolnych zawod\u00f3w, na najbardziej zwyk\u0142ych \u201eKowalskich\u201d ko\u0144cz\u0105c, realizuj\u0105c sesje rodzinne. Portret to zawsze przygoda - spotkanie z drugim cz\u0142owiekiem. Fotografi\u0119 portretow\u0105 (biznesow\u0105, wizerunkow\u0105, beauty) realizuje w moim studio lub u Klienta. <a href=\"https:\/\/dawidlinkowski.pl\/?page_id=2399\"><span style=\"color:#c48f56\">Studio WRZEpracownia<\/span><\/a> zlokalizowana jest w sercu wrzeszcza\u0144skiego osiedla Garnizon.<\/div>\r\n\t\t                    \t\t\t\t<\/div>\r\n\t\t\t<\/div>\r\n\t\t\t\t\t<div class=\"col-12 col-sm-12 col-md-6\">\r\n\t\t\t\t<div class=\"icon-box\">\r\n\t\t\t\t\t\t\t\t<div class=\"icon\">\r\n\t\t\t\t<i class=\"photo photo-icon-macro photo\" aria-hidden=\"true true\"><\/i>\t\t\t<\/div>\r\n\t\t                      \t\t\t<h5 class=\"title\">Fotografia <br>reklamowa \u2013 produktowa \u2013 kulinarna<\/h5>\r\n\t\t            \t\t\t<div class=\"desc\">Fotografia reklamowa, produktowa, a szczeg\u00f3lno\u015bci kulinarna to niezwykle techniczna i wymagaj\u0105ca cz\u0119\u015b\u0107 fotograficznego rzemios\u0142a. To nie tylko techniczny aspekt zdj\u0119\u0107. To przede wszystkim komunikacja z klientem, wsp\u00f3\u0142praca przy opracowaniu brief\u00f3w, ws\u0142uchanie si\u0119 w ich marketingowe potrzeby i na ko\u0144cu tw\u00f3rcza realizacja przyj\u0119tych za\u0142o\u017ce\u0144.<\/div>\r\n\t\t                    \t\t\t\t<\/div>\r\n\t\t\t<\/div>\r\n\t\t\t\t\t<div class=\"col-12 col-sm-12 col-md-6\">\r\n\t\t\t\t<div class=\"icon-box\">\r\n\t\t\t\t\t\t\t\t<div class=\"icon\">\r\n\t\t\t\t<i class=\"photo photo-icon-eye photo\" aria-hidden=\"true true true\"><\/i>\t\t\t<\/div>\r\n\t\t                      \t\t\t<h5 class=\"title\">Fotografia wn\u0119trz i architektury<\/h5>\r\n\t\t            \t\t\t<div class=\"desc\">To pr\u00f3ba uchwycenia walor\u00f3w bry\u0142y budowli, geometrii i praw optyki. Nie znosi po\u015bpiechu i wymaga skupienia. Dobrze zrealizowana daje mas\u0119 satysfakcji. Mia\u0142em zaszczyt dokumentowa\u0107 realizacje wielu kluczowych inwestycji budowlanych w Tr\u00f3jmie\u015bcie. Mowa tu o budynkach Europejskiego Centrum Solidarno\u015bci, Forum Gdansk, Wyspy Spichrz\u00f3w - Deo Plaza oraz Granaria, Teatru Szekspierowskiego, hali Gdynia Arena i wielu, wielu innych.<\/div>\r\n\t\t                    \t\t\t\t<\/div>\r\n\t\t\t<\/div>\r\n\t\t\t\t\t<div class=\"col-12 col-sm-12 col-md-6\">\r\n\t\t\t\t<div class=\"icon-box\">\r\n\t\t\t\t\t\t\t\t<div class=\"icon\">\r\n\t\t\t\t<i class=\"photo photo-icon-night-protrait photo\" aria-hidden=\"true true true true\"><\/i>\t\t\t<\/div>\r\n\t\t                      \t\t\t<h5 class=\"title\">Fotografia eventowa \u2013 reporta\u017cowa<\/h5>\r\n\t\t            \t\t\t<div class=\"desc\">Od tego si\u0119 wszystko zacz\u0119\u0142o. Kilkana\u015bcie lat do\u015bwiadcze\u0144 w uwiecznianiu ulotnych, acz niezwykle istotnych chwil dla Klient\u00f3w. Zawody sportowe, konferencje, szkolenia, warsztaty, panele dyskusyjne, koncerty, imprezy firmowe. Nie spos\u00f3b tu wymieni\u0107 wszystkich Klient\u00f3w dla jakich mia\u0142em i mam nadal przyjemno\u015b\u0107 pracowa\u0107.<br \/>\n<\/div>\r\n\t\t                    \t\t\t\t<\/div>\r\n\t\t\t<\/div>\r\n\t\t\t\t\t<div class=\"col-12 col-sm-12 col-md-6\">\r\n\t\t\t\t<div class=\"icon-box\">\r\n\t\t\t\t\t\t\t\t<div class=\"icon\">\r\n\t\t\t\t<i class=\"fas fa-theater-masks fa-solid\" aria-hidden=\"true true true true true\"><\/i>\t\t\t<\/div>\r\n\t\t                      \t\t\t<h5 class=\"title\">fotografia teatralna<\/h5>\r\n\t\t            \t\t\t<div class=\"desc\">Mam zaszczyt i wielk\u0105 frajd\u0119 by\u0107 fotografem Gda\u0144skiego Teatru Szekspirowskiego. Fotografuj\u0119 rocznie kilkadziesi\u0105t najlepszych spektakli z Polski i ca\u0142ego \u015bwiata. To mo\u017cliwo\u015b\u0107 bycia w bliskim, fotograficznym kontakcie z legendarnymi aktorami najs\u0142ynniejszych scen polskich. <\/div>\r\n\t\t                    \t\t\t\t<\/div>\r\n\t\t\t<\/div>\r\n\t\t\t\t\t<div class=\"col-12 col-sm-12 col-md-6\">\r\n\t\t\t\t<div class=\"icon-box\">\r\n\t\t\t\t\t\t\t\t<div class=\"icon\">\r\n\t\t\t\t<i class=\"photo photo-icon-polaroid-photo photo\" aria-hidden=\"true true true true true true\"><\/i>\t\t\t<\/div>\r\n\t\t                      \t\t\t<h5 class=\"title\">A w czasie wolnym \u2013 podr\u00f3\u017ce<\/h5>\r\n\t\t            \t\t\t<div class=\"desc\">A tak naprawd\u0119 to W\u0142ochy. M\u00f3j fotograficzny \u015bwiat mo\u017ce si\u0119 na Italii zamkn\u0105\u0107. Niebo, woda, g\u00f3ry, mury, ludzie - wszystko ma sw\u00f3j pi\u0119kniejszy i bardziej fotogeniczny odcie\u0144. Pi\u0119kno znajduje ci\u0119 na ka\u017cdym kroku. Dlatego co roku staram si\u0119 wyrwa\u0107 kilka dobrych tygodni z kalendarza na w\u0142oskie zdj\u0119cia.<\/div>\r\n\t\t                    \t\t\t\t<\/div>\r\n\t\t\t<\/div>\r\n\t\t\t\t\t\t<\/div>\r\n\t\t\t<\/div>\r\n\t\t\t\t<\/div>\n\t\t\t\t<\/div>\n\t\t\t\t\t<\/div>\n\t\t<\/div>\n\t\t\t\t\t\t\t<\/div>\n\t\t<\/section>\n\t\t\t\t\t\t\t<\/div>\n\t\t","protected":false},"excerpt":{"rendered":"<p>Nazywam si\u0119 Dawid Linkowski. Jestem Fotografem Od kilkunastu lat zawodowo zajmuj\u0119 si\u0119 fotografi\u0105. Obs\u0142uguj\u0119 szereg tr\u00f3jmiejskich korporacji, instytucji samorz\u0105dowych, plac\u00f3wki dyplomatyczne, instytucje kultury, organizacje sportowe. Pracuj\u0119 dla agencji PR, reklamowych i kreatywnych na terenie ca\u0142ej Polski. Zajmuj\u0119 si\u0119 wieloma gatunkami fotografii ale szczeg\u00f3lnie bliska mi jest: Fotografia portretowa Mia\u0142em zaszczyt portretowa\u0107 prezydent\u00f3w, zast\u0119pc\u00f3w, oraz zarz\u0105dy [&hellip;]<\/p>\n","protected":false},"author":1,"featured_media":0,"parent":0,"menu_order":0,"comment_status":"closed","ping_status":"closed","template":"template-landing.php","meta":[],"acf":[],"yoast_head":"<!-- This site is optimized with the Yoast SEO plugin v19.11 - https:\/\/yoast.com\/wordpress\/plugins\/seo\/ -->\n<title>O mnie - Dawid Linkowski<\/title>\n<meta name=\"robots\" content=\"index, follow, max-snippet:-1, max-image-preview:large, max-video-preview:-1\" \/>\n<link rel=\"canonical\" href=\"https:\/\/dawidlinkowski.pl\/?page_id=2341\" \/>\n<meta property=\"og:locale\" content=\"pl_PL\" \/>\n<meta property=\"og:type\" content=\"article\" \/>\n<meta property=\"og:title\" content=\"O mnie - Dawid Linkowski\" \/>\n<meta property=\"og:description\" content=\"Nazywam si\u0119 Dawid Linkowski. Jestem Fotografem Od kilkunastu lat zawodowo zajmuj\u0119 si\u0119 fotografi\u0105. Obs\u0142uguj\u0119 szereg tr\u00f3jmiejskich korporacji, instytucji samorz\u0105dowych, plac\u00f3wki dyplomatyczne, instytucje kultury, organizacje sportowe. Pracuj\u0119 dla agencji PR, reklamowych i kreatywnych na terenie ca\u0142ej Polski. Zajmuj\u0119 si\u0119 wieloma gatunkami fotografii ale szczeg\u00f3lnie bliska mi jest: Fotografia portretowa Mia\u0142em zaszczyt portretowa\u0107 prezydent\u00f3w, zast\u0119pc\u00f3w, oraz zarz\u0105dy [&hellip;]\" \/>\n<meta property=\"og:url\" content=\"https:\/\/dawidlinkowski.pl\/?page_id=2341\" \/>\n<meta property=\"og:site_name\" content=\"Dawid Linkowski\" \/>\n<meta property=\"article:publisher\" content=\"https:\/\/www.facebook.com\/artandactionphotography\/\" \/>\n<meta property=\"article:modified_time\" content=\"2022-02-28T18:06:52+00:00\" \/>\n<meta name=\"twitter:card\" content=\"summary_large_image\" \/>\n<meta name=\"twitter:label1\" content=\"Szacowany czas czytania\" \/>\n\t<meta name=\"twitter:data1\" content=\"3 minuty\" \/>\n<script type=\"application\/ld+json\" class=\"yoast-schema-graph\">{\"@context\":\"https:\/\/schema.org\",\"@graph\":[{\"@type\":\"WebPage\",\"@id\":\"https:\/\/dawidlinkowski.pl\/?page_id=2341\",\"url\":\"https:\/\/dawidlinkowski.pl\/?page_id=2341\",\"name\":\"O mnie - Dawid Linkowski\",\"isPartOf\":{\"@id\":\"https:\/\/dawidlinkowski.pl\/#website\"},\"datePublished\":\"2021-06-10T14:14:28+00:00\",\"dateModified\":\"2022-02-28T18:06:52+00:00\",\"breadcrumb\":{\"@id\":\"https:\/\/dawidlinkowski.pl\/?page_id=2341#breadcrumb\"},\"inLanguage\":\"pl-PL\",\"potentialAction\":[{\"@type\":\"ReadAction\",\"target\":[\"https:\/\/dawidlinkowski.pl\/?page_id=2341\"]}]},{\"@type\":\"BreadcrumbList\",\"@id\":\"https:\/\/dawidlinkowski.pl\/?page_id=2341#breadcrumb\",\"itemListElement\":[{\"@type\":\"ListItem\",\"position\":1,\"name\":\"Strona g\u0142\u00f3wna\",\"item\":\"https:\/\/dawidlinkowski.pl\/\"},{\"@type\":\"ListItem\",\"position\":2,\"name\":\"O mnie\"}]},{\"@type\":\"WebSite\",\"@id\":\"https:\/\/dawidlinkowski.pl\/#website\",\"url\":\"https:\/\/dawidlinkowski.pl\/\",\"name\":\"Dawid Linkowski\",\"description\":\"Art &amp; Action Photography\",\"potentialAction\":[{\"@type\":\"SearchAction\",\"target\":{\"@type\":\"EntryPoint\",\"urlTemplate\":\"https:\/\/dawidlinkowski.pl\/?s={search_term_string}\"},\"query-input\":\"required name=search_term_string\"}],\"inLanguage\":\"pl-PL\"}]}<\/script>\n<!-- \/ Yoast SEO plugin. -->","yoast_head_json":{"title":"O mnie - Dawid Linkowski","robots":{"index":"index","follow":"follow","max-snippet":"max-snippet:-1","max-image-preview":"max-image-preview:large","max-video-preview":"max-video-preview:-1"},"canonical":"https:\/\/dawidlinkowski.pl\/?page_id=2341","og_locale":"pl_PL","og_type":"article","og_title":"O mnie - Dawid Linkowski","og_description":"Nazywam si\u0119 Dawid Linkowski. Jestem Fotografem Od kilkunastu lat zawodowo zajmuj\u0119 si\u0119 fotografi\u0105. Obs\u0142uguj\u0119 szereg tr\u00f3jmiejskich korporacji, instytucji samorz\u0105dowych, plac\u00f3wki dyplomatyczne, instytucje kultury, organizacje sportowe. Pracuj\u0119 dla agencji PR, reklamowych i kreatywnych na terenie ca\u0142ej Polski. Zajmuj\u0119 si\u0119 wieloma gatunkami fotografii ale szczeg\u00f3lnie bliska mi jest: Fotografia portretowa Mia\u0142em zaszczyt portretowa\u0107 prezydent\u00f3w, zast\u0119pc\u00f3w, oraz zarz\u0105dy [&hellip;]","og_url":"https:\/\/dawidlinkowski.pl\/?page_id=2341","og_site_name":"Dawid Linkowski","article_publisher":"https:\/\/www.facebook.com\/artandactionphotography\/","article_modified_time":"2022-02-28T18:06:52+00:00","twitter_card":"summary_large_image","twitter_misc":{"Szacowany czas czytania":"3 minuty"},"schema":{"@context":"https:\/\/schema.org","@graph":[{"@type":"WebPage","@id":"https:\/\/dawidlinkowski.pl\/?page_id=2341","url":"https:\/\/dawidlinkowski.pl\/?page_id=2341","name":"O mnie - Dawid Linkowski","isPartOf":{"@id":"https:\/\/dawidlinkowski.pl\/#website"},"datePublished":"2021-06-10T14:14:28+00:00","dateModified":"2022-02-28T18:06:52+00:00","breadcrumb":{"@id":"https:\/\/dawidlinkowski.pl\/?page_id=2341#breadcrumb"},"inLanguage":"pl-PL","potentialAction":[{"@type":"ReadAction","target":["https:\/\/dawidlinkowski.pl\/?page_id=2341"]}]},{"@type":"BreadcrumbList","@id":"https:\/\/dawidlinkowski.pl\/?page_id=2341#breadcrumb","itemListElement":[{"@type":"ListItem","position":1,"name":"Strona g\u0142\u00f3wna","item":"https:\/\/dawidlinkowski.pl\/"},{"@type":"ListItem","position":2,"name":"O mnie"}]},{"@type":"WebSite","@id":"https:\/\/dawidlinkowski.pl\/#website","url":"https:\/\/dawidlinkowski.pl\/","name":"Dawid Linkowski","description":"Art &amp; Action Photography","potentialAction":[{"@type":"SearchAction","target":{"@type":"EntryPoint","urlTemplate":"https:\/\/dawidlinkowski.pl\/?s={search_term_string}"},"query-input":"required name=search_term_string"}],"inLanguage":"pl-PL"}]}},"_links":{"self":[{"href":"https:\/\/dawidlinkowski.pl\/index.php?rest_route=\/wp\/v2\/pages\/2341"}],"collection":[{"href":"https:\/\/dawidlinkowski.pl\/index.php?rest_route=\/wp\/v2\/pages"}],"about":[{"href":"https:\/\/dawidlinkowski.pl\/index.php?rest_route=\/wp\/v2\/types\/page"}],"author":[{"embeddable":true,"href":"https:\/\/dawidlinkowski.pl\/index.php?rest_route=\/wp\/v2\/users\/1"}],"replies":[{"embeddable":true,"href":"https:\/\/dawidlinkowski.pl\/index.php?rest_route=%2Fwp%2Fv2%2Fcomments&post=2341"}],"version-history":[{"count":95,"href":"https:\/\/dawidlinkowski.pl\/index.php?rest_route=\/wp\/v2\/pages\/2341\/revisions"}],"predecessor-version":[{"id":4751,"href":"https:\/\/dawidlinkowski.pl\/index.php?rest_route=\/wp\/v2\/pages\/2341\/revisions\/4751"}],"wp:attachment":[{"href":"https:\/\/dawidlinkowski.pl\/index.php?rest_route=%2Fwp%2Fv2%2Fmedia&parent=2341"}],"curies":[{"name":"wp","href":"https:\/\/api.w.org\/{rel}","templated":true}]}}